{"id":4016,"date":"2026-02-20T07:56:27","date_gmt":"2026-02-20T06:56:27","guid":{"rendered":"https:\/\/arbrebalear.es\/?post_type=product&#038;p=4016"},"modified":"2026-03-03T12:55:28","modified_gmt":"2026-03-03T11:55:28","slug":"balla-amb-el-bosc-baila-con-el-bosque-primavera","status":"publish","type":"product","link":"https:\/\/arbrebalear.es\/es\/cursos\/balla-amb-el-bosc-baila-con-el-bosque-primavera\/","title":{"rendered":"BALLA AMB EL BOSC \/ BAILA CON EL BOSQUE PRIMAVERA"},"content":{"rendered":"<p class=\"cvGsUA direction-ltr align-justify para-style-body\"><span class=\"OYPEnA font-feature-liga-off font-feature-clig-off font-feature-calt-off text-decoration-none text-strikethrough-none\">\u00abBalla al bosc\u00bb \u00e9s una invitaci\u00f3 a reconnectar amb la natura i amb tu mateix.<\/span><\/p>\n<p class=\"cvGsUA direction-ltr align-justify para-style-body\"><span class=\"OYPEnA font-feature-liga-off font-feature-clig-off font-feature-calt-off text-decoration-none text-strikethrough-none\">Sota l\u2019ombra dels arbres, sobre la terra que els sost\u00e9, deixarem enrere el pes de la rutina per alliberar tensions i emocions acumulades. A trav\u00e9s del moviment conscient, ens fusionarem amb les arrels, el tronc, les branques i les fulles, sentint com l\u2019energia del bosc ens envolta i ens transforma.<\/span><\/p>\n<p data-path-to-node=\"3\"><b data-path-to-node=\"3\" data-index-in-node=\"0\">Qu\u00e8 \u00e9s?<\/b> Una sessi\u00f3 de moviment i dansa a l&#8217;aire lliure que fem coincidir amb el canvi d&#8217;estaci\u00f3. Deixem l&#8217;espai tancat per anar-nos-en directament al bosc a estirar el cos i aclarir la ment.<\/p>\n<p data-path-to-node=\"4\">En lloc de mirar-nos nom\u00e9s cap endins, obrim els sentits: l&#8217;aire m\u00e9s c\u00e0lid, l&#8217;olor de terra mullada o el canvi de llum.<\/p>\n<p data-path-to-node=\"5\"><b data-path-to-node=\"5\" data-index-in-node=\"0\">Per a qu\u00e8 serveix?<\/b><\/p>\n<ul data-path-to-node=\"6\">\n<li>\n<p data-path-to-node=\"6,0,0\"><b data-path-to-node=\"6,0,0\" data-index-in-node=\"0\">Adeu a l&#8217;estr\u00e8s:<\/b> Recordar que som part de la natura. Regulem la son i els ritmes del cos en exposar-nos a la llum i a l&#8217;aire real.<\/p>\n<\/li>\n<li>\n<p data-path-to-node=\"6,1,0\"><b data-path-to-node=\"6,1,0\" data-index-in-node=\"0\">Menys cap, m\u00e9s cos:<\/b> Serveix per amollar tensions acumulades i aterrar en l&#8217;aqu\u00ed i l&#8217;ara d&#8217;una forma f\u00edsica i senzilla.<\/p>\n<\/li>\n<\/ul>\n<p>::::::::::::::::::::::::::::::::::::::::::::::::::<\/p>\n<p><span class=\"OYPEnA font-feature-liga-off font-feature-clig-off font-feature-calt-off text-decoration-none text-strikethrough-none\">\u00abBaila en el bosque\u00bb es una invitaci\u00f3n a reconectar con la naturaleza y contigo mismo. Bajo la sombra de los \u00e1rboles, sobre la tierra que los sostiene, dejaremos atr\u00e1s el peso de la rutina para liberar tensiones y emociones acumuladas. A trav\u00e9s del movimiento consciente, nos fundiremos con las ra\u00edces, el tronco, las ramas y las hojas, sintiendo c\u00f3mo la energ\u00eda del bosque nos envuelve y transforma, en el momento en el que todo florece.\u00a0<\/span><\/p>\n<p class=\"cvGsUA direction-ltr align-center para-style-body\"><span class=\"a_GcMg font-feature-liga-off font-feature-clig-off font-feature-calt-off text-decoration-none text-strikethrough-none\"><strong>\u00bfQu\u00e9 es?<\/strong> Una sesi\u00f3n de movimiento y danza al aire libre que hacemos coincidir con el cambio de estaci\u00f3n. Dejamos el espacio cerrado para irnos directamente al bosque a estirar el cuerpo y despejar la mente.<\/span><\/p>\n<p class=\"cvGsUA direction-ltr align-center para-style-body\"><span class=\"a_GcMg font-feature-liga-off font-feature-clig-off font-feature-calt-off text-decoration-none text-strikethrough-none\">En lugar de mirarnos solo hacia dentro, abrimos los sentidos: el aire m\u00e1s c\u00e1lido, el olor a tierra mojada o el cambio de luz.<\/span><\/p>\n<p class=\"cvGsUA direction-ltr align-center para-style-body\"><strong><span class=\"a_GcMg font-feature-liga-off font-feature-clig-off font-feature-calt-off text-decoration-none text-strikethrough-none\">\u00bfPara qu\u00e9 sirve?<\/span><\/strong><\/p>\n<p class=\"cvGsUA direction-ltr align-center para-style-body\"><span class=\"a_GcMg font-feature-liga-off font-feature-clig-off font-feature-calt-off text-decoration-none text-strikethrough-none\">Adi\u00f3s al estr\u00e9s, recordar que somos parte de la naturaleza, regulamos el sue\u00f1o y los ritmos del cuerpo al exponernos a la luz y al aire real.<\/span><\/p>\n<p class=\"cvGsUA direction-ltr align-center para-style-body\"><span class=\"a_GcMg font-feature-liga-off font-feature-clig-off font-feature-calt-off text-decoration-none text-strikethrough-none\">Menos cabeza, m\u00e1s cuerpo: Sirve para soltar tensiones acumuladas y aterrizar en el aqu\u00ed y ahora de una forma f\u00edsica y sencilla.<\/span><\/p>\n<p class=\"cvGsUA direction-ltr align-center para-style-body\">\n","protected":false},"excerpt":{"rendered":"<p class=\"cvGsUA direction-ltr align-center para-style-body\"><span class=\"OYPEnA font-feature-liga-off font-feature-clig-off font-feature-calt-off text-decoration-none text-strikethrough-none\">Una trobada amb la natura i amb tu mateix<\/span><\/p>\n<p class=\"cvGsUA direction-ltr align-start para-style-body\"><span class=\"OYPEnA font-feature-liga-off font-feature-clig-off font-feature-calt-off text-decoration-none text-strikethrough-none\">Deixa\u2019t embolcallar per l\u2019energia del bosc a primavera<\/span><\/p>\n<p class=\"cvGsUA direction-ltr align-start para-style-body\"><span class=\"OYPEnA font-feature-liga-off font-feature-clig-off font-feature-calt-off text-decoration-none text-strikethrough-none\">Sota la copa dels arbres i sobre la terra viva, deixarem anar el pes del dia a dia. A trav\u00e9s del moviment conscient, alliberarem emocions, despertarem el cos i ens fusionarem amb la for\u00e7a de les arrels, el tronc i les fulles.<\/span><\/p>\n<p class=\"cvGsUA direction-ltr align-start para-style-body\"><span class=\"OYPEnA font-feature-liga-off font-feature-clig-off font-feature-calt-off text-decoration-none text-strikethrough-none\">Una experi\u00e8ncia de connexi\u00f3, calma i renovaci\u00f3.<\/span><\/p>\n<p class=\"cvGsUA direction-ltr align-center para-style-body\"><span class=\"OYPEnA font-feature-liga-off font-feature-clig-off font-feature-calt-off text-decoration-none text-strikethrough-none\">\u2013 Vine a sentir-te part del bosc \u2013<\/span><\/p>\n<p class=\"cvGsUA direction-ltr align-center para-style-body\"><span class=\"OYPEnA font-feature-liga-off font-feature-clig-off font-feature-calt-off text-decoration-none text-strikethrough-none\">\u2013 Vine a ser arbre \u2013<\/span><\/p>\n<p class=\"cvGsUA direction-ltr align-center para-style-body\">Dissabte 21 de mar\u00e7<\/p>\n<p class=\"cvGsUA direction-ltr align-center para-style-body\"><span class=\"OYPEnA font-feature-liga-off font-feature-clig-off font-feature-calt-off text-decoration-none text-strikethrough-none\">\ud83d\udd58 Hora: 10:30 &#8211; 13:00 h<\/span><\/p>\n<p class=\"cvGsUA direction-ltr align-center para-style-body\"><span class=\"OYPEnA font-feature-liga-off font-feature-clig-off font-feature-calt-off text-decoration-none text-strikethrough-none\">\ud83d\udccd Lloc: Can T\u00e0pera, Palma<\/span><\/p>\n<p class=\"cvGsUA direction-ltr align-center para-style-body\"><span class=\"OYPEnA font-feature-liga-off font-feature-clig-off font-feature-calt-off text-decoration-none text-strikethrough-none\">\ud83d\udcb0 Preu: <\/span><span class=\"OYPEnA font-feature-liga-off font-feature-clig-off font-feature-calt-off text-decoration-none text-strikethrough-none\">Socis 5 euros<\/span><span class=\"OYPEnA font-feature-liga-off font-feature-clig-off font-feature-calt-off text-decoration-none text-strikethrough-none\"> \/ No socis 30 euros<\/span><\/p>\n<p>::::::::::::::::::::::::::::::::::::::::::::::::::::::::::::::::::::::::::::::::::::::::::::::::::::::::<\/p>\n<p class=\"cvGsUA direction-ltr align-center para-style-body\"><span class=\"OYPEnA font-feature-liga-off font-feature-clig-off font-feature-calt-off text-decoration-none text-strikethrough-none\">Un encuentro con la naturaleza y contigo mismo<\/span><\/p>\n<p class=\"cvGsUA direction-ltr align-justify para-style-body\"><span class=\"OYPEnA font-feature-liga-off font-feature-clig-off font-feature-calt-off text-decoration-none text-strikethrough-none\">D\u00e9jate envolver por la energ\u00eda del bosque en primavera.<\/span><\/p>\n<p class=\"cvGsUA direction-ltr align-start para-style-body\"><span class=\"OYPEnA font-feature-liga-off font-feature-clig-off font-feature-calt-off text-decoration-none text-strikethrough-none\">Bajo la copa de los \u00e1rboles y sobre la tierra viva, soltaremos el peso del d\u00eda a d\u00eda. A trav\u00e9s del movimiento consciente, liberaremos emociones, despertaremos el cuerpo y nos fundiremos con la fuerza de las ra\u00edces, el tronco y las hojas.<\/span><\/p>\n<p class=\"cvGsUA direction-ltr align-justify para-style-body\"><span class=\"OYPEnA font-feature-liga-off font-feature-clig-off font-feature-calt-off text-decoration-none text-strikethrough-none\">Una experiencia de conexi\u00f3n, calma y renovaci\u00f3n.<\/span><\/p>\n<p class=\"cvGsUA direction-ltr align-center para-style-body\"><span class=\"OYPEnA font-feature-liga-off font-feature-clig-off font-feature-calt-off text-decoration-none text-strikethrough-none\">-Ven a sentirte parte del bosque-<\/span><\/p>\n<p class=\"cvGsUA direction-ltr align-center para-style-body\"><span class=\"OYPEnA font-feature-liga-off font-feature-clig-off font-feature-calt-off text-decoration-none text-strikethrough-none\">-Ven a ser \u00e1rbol-<\/span><\/p>\n<p class=\"cvGsUA direction-ltr align-center para-style-body\"><span class=\"OYPEnA font-feature-liga-off font-feature-clig-off font-feature-calt-off text-decoration-none text-strikethrough-none\">\ud83d\udcc5 S\u00e1bado 21 de marzo<\/span><\/p>\n<p class=\"cvGsUA direction-ltr align-center para-style-body\"><span class=\"OYPEnA font-feature-liga-off font-feature-clig-off font-feature-calt-off text-decoration-none text-strikethrough-none\">\ud83d\udd58 Hora: 10:30 &#8211; 13:00 h<\/span><\/p>\n<p class=\"cvGsUA direction-ltr align-center para-style-body\"><span class=\"OYPEnA font-feature-liga-off font-feature-clig-off font-feature-calt-off text-decoration-none text-strikethrough-none\">\ud83d\udccd Lugar: <\/span><span class=\"OYPEnA font-feature-liga-off font-feature-clig-off font-feature-calt-off text-decoration-none text-strikethrough-none\">Can T\u00e0pera, Palma<\/span><\/p>\n<p class=\"cvGsUA direction-ltr align-center para-style-body\"><span class=\"OYPEnA font-feature-liga-off font-feature-clig-off font-feature-calt-off text-decoration-none text-strikethrough-none\">\ud83d\udcb0 Precio: <\/span><span class=\"OYPEnA font-feature-liga-off font-feature-clig-off font-feature-calt-off text-decoration-none text-strikethrough-none\">Socios 5 euros \/<\/span><span class=\"OYPEnA font-feature-liga-off font-feature-clig-off font-feature-calt-off text-decoration-none text-strikethrough-none\"> No socios 30 euros<\/span><\/p>\n<p>&nbsp;<\/p>\n<p>Cuando te hayas registrado puedes sumarte al grupo de wapp para \u00faltimo detalles <a href=\"https:\/\/chat.whatsapp.com\/EGNMFkTqbO44cGHiraXa3l\">https:\/\/chat.whatsapp.com\/EGNMFkTqbO44cGHiraXa3l<\/a><\/p>\n<p>&nbsp;<\/p>\n","protected":false},"featured_media":4019,"template":"","meta":[],"product_brand":[],"product_cat":[19],"product_tag":[],"class_list":{"0":"post-4016","1":"product","2":"type-product","3":"status-publish","4":"has-post-thumbnail","6":"product_cat-actividades","8":"first","9":"instock","10":"shipping-taxable","11":"purchasable","12":"product-type-variable"},"yoast_head":"<!-- This site is optimized with the Yoast SEO plugin v27.0 - https:\/\/yoast.com\/product\/yoast-seo-wordpress\/ -->\n<title>BALLA AMB EL BOSC \/ BAILA CON EL BOSQUE PRIMAVERA - Associaci\u00f3 Balear de l\u2019Arbre (ABA)<\/title>\n<meta name=\"robots\" content=\"index, follow, max-snippet:-1, max-image-preview:large, max-video-preview:-1\" \/>\n<link rel=\"canonical\" href=\"https:\/\/arbrebalear.es\/es\/cursos\/balla-amb-el-bosc-baila-con-el-bosque-primavera\/\" \/>\n<meta property=\"og:locale\" content=\"es_ES\" \/>\n<meta property=\"og:type\" content=\"article\" \/>\n<meta property=\"og:title\" content=\"BALLA AMB EL BOSC \/ BAILA CON EL BOSQUE PRIMAVERA - Associaci\u00f3 Balear de l\u2019Arbre (ABA)\" \/>\n<meta property=\"og:description\" content=\"Una trobada amb la natura i amb tu mateix Deixa\u2019t embolcallar per l\u2019energia del bosc a primavera Sota la copa dels arbres i sobre la terra viva, deixarem anar el pes del dia a dia. A trav\u00e9s del moviment conscient, alliberarem emocions, despertarem el cos i ens fusionarem amb la for\u00e7a de les arrels, el tronc i les fulles. Una experi\u00e8ncia de connexi\u00f3, calma i renovaci\u00f3. \u2013 Vine a sentir-te part del bosc \u2013 \u2013 Vine a ser arbre \u2013 Dissabte 21 de mar\u00e7 \ud83d\udd58 Hora: 10:30 - 13:00 h \ud83d\udccd Lloc: Can T\u00e0pera, Palma \ud83d\udcb0 Preu: Socis 5 euros \/ No socis 30 euros :::::::::::::::::::::::::::::::::::::::::::::::::::::::::::::::::::::::::::::::::::::::::::::::::::::::: Un encuentro con la naturaleza y contigo mismo D\u00e9jate envolver por la energ\u00eda del bosque en primavera. Bajo la copa de los \u00e1rboles y sobre la tierra viva, soltaremos el peso del d\u00eda a d\u00eda. A trav\u00e9s del movimiento consciente, liberaremos emociones, despertaremos el cuerpo y nos fundiremos con la fuerza de las ra\u00edces, el tronco y las hojas. Una experiencia de conexi\u00f3n, calma y renovaci\u00f3n. -Ven a sentirte parte del bosque- -Ven a ser \u00e1rbol- \ud83d\udcc5 S\u00e1bado 21 de marzo \ud83d\udd58 Hora: 10:30 - 13:00 h \ud83d\udccd Lugar: Can T\u00e0pera, Palma \ud83d\udcb0 Precio: Socios 5 euros \/ No socios 30 euros &nbsp;  Cuando te hayas registrado puedes sumarte al grupo de wapp para \u00faltimo detalles https:\/\/chat.whatsapp.com\/EGNMFkTqbO44cGHiraXa3l  &nbsp;\" \/>\n<meta property=\"og:url\" content=\"https:\/\/arbrebalear.es\/es\/cursos\/balla-amb-el-bosc-baila-con-el-bosque-primavera\/\" \/>\n<meta property=\"og:site_name\" content=\"Associaci\u00f3 Balear de l\u2019Arbre (ABA)\" \/>\n<meta property=\"article:modified_time\" content=\"2026-03-03T11:55:28+00:00\" \/>\n<meta property=\"og:image\" content=\"https:\/\/arbrebalear.es\/wp-content\/uploads\/2026\/02\/Ball-de-bosc-Can-tapera-21-marc-1.jpg\" \/>\n\t<meta property=\"og:image:width\" content=\"1080\" \/>\n\t<meta property=\"og:image:height\" content=\"1350\" \/>\n\t<meta property=\"og:image:type\" content=\"image\/jpeg\" \/>\n<meta name=\"twitter:card\" content=\"summary_large_image\" \/>\n<meta name=\"twitter:label1\" content=\"Tiempo de lectura\" \/>\n\t<meta name=\"twitter:data1\" content=\"2 minutos\" \/>\n<script type=\"application\/ld+json\" class=\"yoast-schema-graph\">{\"@context\":\"https:\/\/schema.org\",\"@graph\":[{\"@type\":\"WebPage\",\"@id\":\"https:\/\/arbrebalear.es\/es\/cursos\/balla-amb-el-bosc-baila-con-el-bosque-primavera\/\",\"url\":\"https:\/\/arbrebalear.es\/es\/cursos\/balla-amb-el-bosc-baila-con-el-bosque-primavera\/\",\"name\":\"BALLA AMB EL BOSC \/ BAILA CON EL BOSQUE PRIMAVERA - Associaci\u00f3 Balear de l\u2019Arbre (ABA)\",\"isPartOf\":{\"@id\":\"https:\/\/arbrebalear.es\/es\/#website\"},\"primaryImageOfPage\":{\"@id\":\"https:\/\/arbrebalear.es\/es\/cursos\/balla-amb-el-bosc-baila-con-el-bosque-primavera\/#primaryimage\"},\"image\":{\"@id\":\"https:\/\/arbrebalear.es\/es\/cursos\/balla-amb-el-bosc-baila-con-el-bosque-primavera\/#primaryimage\"},\"thumbnailUrl\":\"https:\/\/arbrebalear.es\/wp-content\/uploads\/2026\/02\/Ball-de-bosc-Can-tapera-21-marc-1.jpg\",\"datePublished\":\"2026-02-20T06:56:27+00:00\",\"dateModified\":\"2026-03-03T11:55:28+00:00\",\"breadcrumb\":{\"@id\":\"https:\/\/arbrebalear.es\/es\/cursos\/balla-amb-el-bosc-baila-con-el-bosque-primavera\/#breadcrumb\"},\"inLanguage\":\"es\",\"potentialAction\":[{\"@type\":\"ReadAction\",\"target\":[\"https:\/\/arbrebalear.es\/es\/cursos\/balla-amb-el-bosc-baila-con-el-bosque-primavera\/\"]}]},{\"@type\":\"ImageObject\",\"inLanguage\":\"es\",\"@id\":\"https:\/\/arbrebalear.es\/es\/cursos\/balla-amb-el-bosc-baila-con-el-bosque-primavera\/#primaryimage\",\"url\":\"https:\/\/arbrebalear.es\/wp-content\/uploads\/2026\/02\/Ball-de-bosc-Can-tapera-21-marc-1.jpg\",\"contentUrl\":\"https:\/\/arbrebalear.es\/wp-content\/uploads\/2026\/02\/Ball-de-bosc-Can-tapera-21-marc-1.jpg\",\"width\":1080,\"height\":1350},{\"@type\":\"BreadcrumbList\",\"@id\":\"https:\/\/arbrebalear.es\/es\/cursos\/balla-amb-el-bosc-baila-con-el-bosque-primavera\/#breadcrumb\",\"itemListElement\":[{\"@type\":\"ListItem\",\"position\":1,\"name\":\"Portada\",\"item\":\"https:\/\/arbrebalear.es\/es\/\"},{\"@type\":\"ListItem\",\"position\":2,\"name\":\"Tienda\",\"item\":\"https:\/\/arbrebalear.es\/es\/tienda\/\"},{\"@type\":\"ListItem\",\"position\":3,\"name\":\"BALLA AMB EL BOSC \/ BAILA CON EL BOSQUE PRIMAVERA\"}]},{\"@type\":\"WebSite\",\"@id\":\"https:\/\/arbrebalear.es\/es\/#website\",\"url\":\"https:\/\/arbrebalear.es\/es\/\",\"name\":\"ABA\",\"description\":\"L\u2019Associaci\u00f3 Balear de l\u2019Arbre (ABA) \u00e9s una entitat sense \u00e0nim de lucre creada l\u2019any 2009 per un grup de professionals de l\u2019arboricultura units per una mateixa preocupaci\u00f3: la p\u00e8rdua i degradaci\u00f3 del patrimoni arbori de les Illes Balears.\",\"publisher\":{\"@id\":\"https:\/\/arbrebalear.es\/es\/#organization\"},\"potentialAction\":[{\"@type\":\"SearchAction\",\"target\":{\"@type\":\"EntryPoint\",\"urlTemplate\":\"https:\/\/arbrebalear.es\/es\/?s={search_term_string}\"},\"query-input\":{\"@type\":\"PropertyValueSpecification\",\"valueRequired\":true,\"valueName\":\"search_term_string\"}}],\"inLanguage\":\"es\"},{\"@type\":\"Organization\",\"@id\":\"https:\/\/arbrebalear.es\/es\/#organization\",\"name\":\"ABA\",\"url\":\"https:\/\/arbrebalear.es\/es\/\",\"logo\":{\"@type\":\"ImageObject\",\"inLanguage\":\"es\",\"@id\":\"https:\/\/arbrebalear.es\/es\/#\/schema\/logo\/image\/\",\"url\":\"https:\/\/arbrebalear.es\/wp-content\/uploads\/2025\/05\/cropped-aba-logo.webp\",\"contentUrl\":\"https:\/\/arbrebalear.es\/wp-content\/uploads\/2025\/05\/cropped-aba-logo.webp\",\"width\":215,\"height\":162,\"caption\":\"ABA\"},\"image\":{\"@id\":\"https:\/\/arbrebalear.es\/es\/#\/schema\/logo\/image\/\"}}]}<\/script>\n<!-- \/ Yoast SEO plugin. -->","yoast_head_json":{"title":"BALLA AMB EL BOSC \/ BAILA CON EL BOSQUE PRIMAVERA - Associaci\u00f3 Balear de l\u2019Arbre (ABA)","robots":{"index":"index","follow":"follow","max-snippet":"max-snippet:-1","max-image-preview":"max-image-preview:large","max-video-preview":"max-video-preview:-1"},"canonical":"https:\/\/arbrebalear.es\/es\/cursos\/balla-amb-el-bosc-baila-con-el-bosque-primavera\/","og_locale":"es_ES","og_type":"article","og_title":"BALLA AMB EL BOSC \/ BAILA CON EL BOSQUE PRIMAVERA - Associaci\u00f3 Balear de l\u2019Arbre (ABA)","og_description":"Una trobada amb la natura i amb tu mateix Deixa\u2019t embolcallar per l\u2019energia del bosc a primavera Sota la copa dels arbres i sobre la terra viva, deixarem anar el pes del dia a dia. A trav\u00e9s del moviment conscient, alliberarem emocions, despertarem el cos i ens fusionarem amb la for\u00e7a de les arrels, el tronc i les fulles. Una experi\u00e8ncia de connexi\u00f3, calma i renovaci\u00f3. \u2013 Vine a sentir-te part del bosc \u2013 \u2013 Vine a ser arbre \u2013 Dissabte 21 de mar\u00e7 \ud83d\udd58 Hora: 10:30 - 13:00 h \ud83d\udccd Lloc: Can T\u00e0pera, Palma \ud83d\udcb0 Preu: Socis 5 euros \/ No socis 30 euros :::::::::::::::::::::::::::::::::::::::::::::::::::::::::::::::::::::::::::::::::::::::::::::::::::::::: Un encuentro con la naturaleza y contigo mismo D\u00e9jate envolver por la energ\u00eda del bosque en primavera. Bajo la copa de los \u00e1rboles y sobre la tierra viva, soltaremos el peso del d\u00eda a d\u00eda. A trav\u00e9s del movimiento consciente, liberaremos emociones, despertaremos el cuerpo y nos fundiremos con la fuerza de las ra\u00edces, el tronco y las hojas. Una experiencia de conexi\u00f3n, calma y renovaci\u00f3n. -Ven a sentirte parte del bosque- -Ven a ser \u00e1rbol- \ud83d\udcc5 S\u00e1bado 21 de marzo \ud83d\udd58 Hora: 10:30 - 13:00 h \ud83d\udccd Lugar: Can T\u00e0pera, Palma \ud83d\udcb0 Precio: Socios 5 euros \/ No socios 30 euros &nbsp;  Cuando te hayas registrado puedes sumarte al grupo de wapp para \u00faltimo detalles https:\/\/chat.whatsapp.com\/EGNMFkTqbO44cGHiraXa3l  &nbsp;","og_url":"https:\/\/arbrebalear.es\/es\/cursos\/balla-amb-el-bosc-baila-con-el-bosque-primavera\/","og_site_name":"Associaci\u00f3 Balear de l\u2019Arbre (ABA)","article_modified_time":"2026-03-03T11:55:28+00:00","og_image":[{"width":1080,"height":1350,"url":"https:\/\/arbrebalear.es\/wp-content\/uploads\/2026\/02\/Ball-de-bosc-Can-tapera-21-marc-1.jpg","type":"image\/jpeg"}],"twitter_card":"summary_large_image","twitter_misc":{"Tiempo de lectura":"2 minutos"},"schema":{"@context":"https:\/\/schema.org","@graph":[{"@type":"WebPage","@id":"https:\/\/arbrebalear.es\/es\/cursos\/balla-amb-el-bosc-baila-con-el-bosque-primavera\/","url":"https:\/\/arbrebalear.es\/es\/cursos\/balla-amb-el-bosc-baila-con-el-bosque-primavera\/","name":"BALLA AMB EL BOSC \/ BAILA CON EL BOSQUE PRIMAVERA - Associaci\u00f3 Balear de l\u2019Arbre (ABA)","isPartOf":{"@id":"https:\/\/arbrebalear.es\/es\/#website"},"primaryImageOfPage":{"@id":"https:\/\/arbrebalear.es\/es\/cursos\/balla-amb-el-bosc-baila-con-el-bosque-primavera\/#primaryimage"},"image":{"@id":"https:\/\/arbrebalear.es\/es\/cursos\/balla-amb-el-bosc-baila-con-el-bosque-primavera\/#primaryimage"},"thumbnailUrl":"https:\/\/arbrebalear.es\/wp-content\/uploads\/2026\/02\/Ball-de-bosc-Can-tapera-21-marc-1.jpg","datePublished":"2026-02-20T06:56:27+00:00","dateModified":"2026-03-03T11:55:28+00:00","breadcrumb":{"@id":"https:\/\/arbrebalear.es\/es\/cursos\/balla-amb-el-bosc-baila-con-el-bosque-primavera\/#breadcrumb"},"inLanguage":"es","potentialAction":[{"@type":"ReadAction","target":["https:\/\/arbrebalear.es\/es\/cursos\/balla-amb-el-bosc-baila-con-el-bosque-primavera\/"]}]},{"@type":"ImageObject","inLanguage":"es","@id":"https:\/\/arbrebalear.es\/es\/cursos\/balla-amb-el-bosc-baila-con-el-bosque-primavera\/#primaryimage","url":"https:\/\/arbrebalear.es\/wp-content\/uploads\/2026\/02\/Ball-de-bosc-Can-tapera-21-marc-1.jpg","contentUrl":"https:\/\/arbrebalear.es\/wp-content\/uploads\/2026\/02\/Ball-de-bosc-Can-tapera-21-marc-1.jpg","width":1080,"height":1350},{"@type":"BreadcrumbList","@id":"https:\/\/arbrebalear.es\/es\/cursos\/balla-amb-el-bosc-baila-con-el-bosque-primavera\/#breadcrumb","itemListElement":[{"@type":"ListItem","position":1,"name":"Portada","item":"https:\/\/arbrebalear.es\/es\/"},{"@type":"ListItem","position":2,"name":"Tienda","item":"https:\/\/arbrebalear.es\/es\/tienda\/"},{"@type":"ListItem","position":3,"name":"BALLA AMB EL BOSC \/ BAILA CON EL BOSQUE PRIMAVERA"}]},{"@type":"WebSite","@id":"https:\/\/arbrebalear.es\/es\/#website","url":"https:\/\/arbrebalear.es\/es\/","name":"ABA","description":"L\u2019Associaci\u00f3 Balear de l\u2019Arbre (ABA) \u00e9s una entitat sense \u00e0nim de lucre creada l\u2019any 2009 per un grup de professionals de l\u2019arboricultura units per una mateixa preocupaci\u00f3: la p\u00e8rdua i degradaci\u00f3 del patrimoni arbori de les Illes Balears.","publisher":{"@id":"https:\/\/arbrebalear.es\/es\/#organization"},"potentialAction":[{"@type":"SearchAction","target":{"@type":"EntryPoint","urlTemplate":"https:\/\/arbrebalear.es\/es\/?s={search_term_string}"},"query-input":{"@type":"PropertyValueSpecification","valueRequired":true,"valueName":"search_term_string"}}],"inLanguage":"es"},{"@type":"Organization","@id":"https:\/\/arbrebalear.es\/es\/#organization","name":"ABA","url":"https:\/\/arbrebalear.es\/es\/","logo":{"@type":"ImageObject","inLanguage":"es","@id":"https:\/\/arbrebalear.es\/es\/#\/schema\/logo\/image\/","url":"https:\/\/arbrebalear.es\/wp-content\/uploads\/2025\/05\/cropped-aba-logo.webp","contentUrl":"https:\/\/arbrebalear.es\/wp-content\/uploads\/2025\/05\/cropped-aba-logo.webp","width":215,"height":162,"caption":"ABA"},"image":{"@id":"https:\/\/arbrebalear.es\/es\/#\/schema\/logo\/image\/"}}]}},"_links":{"self":[{"href":"https:\/\/arbrebalear.es\/es\/wp-json\/wp\/v2\/product\/4016","targetHints":{"allow":["GET"]}}],"collection":[{"href":"https:\/\/arbrebalear.es\/es\/wp-json\/wp\/v2\/product"}],"about":[{"href":"https:\/\/arbrebalear.es\/es\/wp-json\/wp\/v2\/types\/product"}],"wp:featuredmedia":[{"embeddable":true,"href":"https:\/\/arbrebalear.es\/es\/wp-json\/wp\/v2\/media\/4019"}],"wp:attachment":[{"href":"https:\/\/arbrebalear.es\/es\/wp-json\/wp\/v2\/media?parent=4016"}],"wp:term":[{"taxonomy":"product_brand","embeddable":true,"href":"https:\/\/arbrebalear.es\/es\/wp-json\/wp\/v2\/product_brand?post=4016"},{"taxonomy":"product_cat","embeddable":true,"href":"https:\/\/arbrebalear.es\/es\/wp-json\/wp\/v2\/product_cat?post=4016"},{"taxonomy":"product_tag","embeddable":true,"href":"https:\/\/arbrebalear.es\/es\/wp-json\/wp\/v2\/product_tag?post=4016"}],"curies":[{"name":"wp","href":"https:\/\/api.w.org\/{rel}","templated":true}]}}