{"id":4024,"date":"2026-02-27T10:32:33","date_gmt":"2026-02-27T09:32:33","guid":{"rendered":"https:\/\/arbrebalear.es\/?post_type=product&#038;p=4024"},"modified":"2026-04-10T19:14:08","modified_gmt":"2026-04-10T17:14:08","slug":"rebotiga-del-bosc-taller-dautocura-natural-amb-catalina-de-bolic-dherbes","status":"publish","type":"product","link":"https:\/\/arbrebalear.es\/es\/cursos\/rebotiga-del-bosc-taller-dautocura-natural-amb-catalina-de-bolic-dherbes\/","title":{"rendered":"Rebotiga del Bosc: Taller d&#8217;Autocura Natural Amb Catalina de Bolic d&#8217;Herbes"},"content":{"rendered":"<p><b>Qu\u00e8 \u00e9s?<\/b><span style=\"font-weight: 400;\"> Una experi\u00e8ncia pr\u00e0ctica de reconeixement i aprofitament dels recursos que el bosc ens ofereix durant la primavera. No \u00e9s una classe te\u00f2rica, \u00e9s \u00abembrutar-se\u00bb les mans per aprendre a cuidar-nos amb el que tenim a prop.<\/span><\/p>\n<p><b>L&#8217;enfocament: De la terra a la pell<\/b><span style=\"font-weight: 400;\"> Acompanyats per la saviesa de la Catalina, caminarem pel bosc amb una mirada nova. Aprendrem a identificar aquelles plantes, brots o escorces que la natura ens regala a la primavera i com transformar-los en recursos per al nostre benestar (com infusions, olis o remeis b\u00e0sics).<\/span><\/p>\n<p><b>A qu\u00e8 venim?<\/b><\/p>\n<ul>\n<li style=\"font-weight: 400;\" aria-level=\"1\"><b>Llegir el paisatge:<\/b><span style=\"font-weight: 400;\"> Deixem de veure \u00abverd\u00bb per comen\u00e7ar a veure recursos: propietats medicinals, aromes i utilitats reals de les plantes de l&#8217;entorn.<\/span><\/li>\n<li style=\"font-weight: 400;\" aria-level=\"1\"><b>Autonomia i Autocura:<\/b><span style=\"font-weight: 400;\"> Recuperar el saber tradicional\u00a0<\/span><\/li>\n<li style=\"font-weight: 400;\" aria-level=\"1\"><b>Connexi\u00f3 t\u00e0ctil:<\/b><span style=\"font-weight: 400;\"> Menys pantalles i m\u00e9s tocar la terra, olorar la s\u00e0via i sentir les textures de la primavera.<\/span><\/li>\n<\/ul>\n<p><b>Per a qu\u00e8 serveix?<\/b><\/p>\n<ul>\n<li style=\"font-weight: 400;\" aria-level=\"1\"><b>Reduir la depend\u00e8ncia:<\/b><span style=\"font-weight: 400;\"> Aprendre que moltes de les solucions per al nostre benestar estan a sota dels nostres peus.<\/span><\/li>\n<li style=\"font-weight: 400;\" aria-level=\"1\"><b>Pres\u00e8ncia i calma:<\/b><span style=\"font-weight: 400;\"> L&#8217;observaci\u00f3 detallada de la bot\u00e0nica ens obliga a frenar el ritme i posar el focus en el detall.<\/span><\/li>\n<li style=\"font-weight: 400;\" aria-level=\"1\"><b>Sostenibilitat real:<\/b><span style=\"font-weight: 400;\"> Entendre el cicle de la natura per aprofitar els seus recursos sense fer malb\u00e9 l&#8217;ecosistema.<\/span><\/li>\n<\/ul>\n<p><span style=\"font-weight: 400;\"><strong>Quan<\/strong>: 23 de maig<\/span><\/p>\n<p><span style=\"font-weight: 400;\"><strong>On<\/strong>: Can T\u00e0pera. Col\u00b7labora Fundaci\u00f3 Sa Nostra.<\/span><\/p>\n<p><span style=\"font-weight: 400;\"><strong>Horari<\/strong>; de 10:30 a 13h<\/span><\/p>\n<p><span style=\"font-weight: 400;\"><strong>QUant<\/strong> 5 euros socis, 30 no socis<\/span><\/p>\n<p class=\"cvGsUA direction-ltr align-center para-style-body\">\n","protected":false},"excerpt":{"rendered":"<p><span style=\"font-weight: 400;\"><strong>Quan<\/strong>: 23 de maig<\/span><\/p>\n<p><span style=\"font-weight: 400;\"><strong>On<\/strong>: Can T\u00e0pera<\/span><\/p>\n<p><span style=\"font-weight: 400;\"><strong>Horari<\/strong>; de 10:30 a 13h<\/span><\/p>\n<p><span style=\"font-weight: 400;\"><strong>QUant<\/strong> 5 euros socis, 30 no socis<\/span><\/p>\n<p>::::::::::::::::::::::::::::::::::::::::::::::::::::::::<\/p>\n<p class=\"cvGsUA direction-ltr align-center para-style-body\"><span class=\"OYPEnA font-feature-liga-off font-feature-clig-off font-feature-calt-off text-decoration-none text-strikethrough-none\">\ud83d\udcc5 S\u00e1bado 23 mayo<\/span><\/p>\n<p class=\"cvGsUA direction-ltr align-center para-style-body\"><span class=\"OYPEnA font-feature-liga-off font-feature-clig-off font-feature-calt-off text-decoration-none text-strikethrough-none\">\ud83d\udd58 Hora: 10:30 &#8211; 13:00 h<\/span><\/p>\n<p class=\"cvGsUA direction-ltr align-center para-style-body\"><span class=\"OYPEnA font-feature-liga-off font-feature-clig-off font-feature-calt-off text-decoration-none text-strikethrough-none\">\ud83d\udccd Lugar: <\/span><span class=\"OYPEnA font-feature-liga-off font-feature-clig-off font-feature-calt-off text-decoration-none text-strikethrough-none\">Can T\u00e0pera, Palma<\/span><\/p>\n<p class=\"cvGsUA direction-ltr align-center para-style-body\"><span class=\"OYPEnA font-feature-liga-off font-feature-clig-off font-feature-calt-off text-decoration-none text-strikethrough-none\">\ud83d\udcb0 Precio: <\/span><span class=\"OYPEnA font-feature-liga-off font-feature-clig-off font-feature-calt-off text-decoration-none text-strikethrough-none\">Socios 5 euros \/<\/span><span class=\"OYPEnA font-feature-liga-off font-feature-clig-off font-feature-calt-off text-decoration-none text-strikethrough-none\"> No socios 30 euros<\/span><\/p>\n<p>&nbsp;<\/p>\n<p>&nbsp;<\/p>\n<p>&nbsp;<\/p>\n","protected":false},"featured_media":4027,"template":"","meta":[],"product_brand":[],"product_cat":[19],"product_tag":[],"class_list":{"0":"post-4024","1":"product","2":"type-product","3":"status-publish","4":"has-post-thumbnail","6":"product_cat-actividades","8":"first","9":"instock","10":"shipping-taxable","11":"purchasable","12":"product-type-variable"},"yoast_head":"<!-- This site is optimized with the Yoast SEO plugin v27.0 - https:\/\/yoast.com\/product\/yoast-seo-wordpress\/ -->\n<title>Rebotiga del Bosc: Taller d&#039;Autocura Natural Amb Catalina de Bolic d&#039;Herbes - Associaci\u00f3 Balear de l\u2019Arbre (ABA)<\/title>\n<meta name=\"robots\" content=\"index, follow, max-snippet:-1, max-image-preview:large, max-video-preview:-1\" \/>\n<link rel=\"canonical\" href=\"https:\/\/arbrebalear.es\/es\/cursos\/rebotiga-del-bosc-taller-dautocura-natural-amb-catalina-de-bolic-dherbes\/\" \/>\n<meta property=\"og:locale\" content=\"es_ES\" \/>\n<meta property=\"og:type\" content=\"article\" \/>\n<meta property=\"og:title\" content=\"Rebotiga del Bosc: Taller d&#039;Autocura Natural Amb Catalina de Bolic d&#039;Herbes - Associaci\u00f3 Balear de l\u2019Arbre (ABA)\" \/>\n<meta property=\"og:description\" content=\"Quan: 23 de maig  On: Can T\u00e0pera  Horari; de 10:30 a 13h  QUant 5 euros socis, 30 no socis  :::::::::::::::::::::::::::::::::::::::::::::::::::::::: \ud83d\udcc5 S\u00e1bado 23 mayo \ud83d\udd58 Hora: 10:30 - 13:00 h \ud83d\udccd Lugar: Can T\u00e0pera, Palma \ud83d\udcb0 Precio: Socios 5 euros \/ No socios 30 euros &nbsp;  &nbsp;  &nbsp;\" \/>\n<meta property=\"og:url\" content=\"https:\/\/arbrebalear.es\/es\/cursos\/rebotiga-del-bosc-taller-dautocura-natural-amb-catalina-de-bolic-dherbes\/\" \/>\n<meta property=\"og:site_name\" content=\"Associaci\u00f3 Balear de l\u2019Arbre (ABA)\" \/>\n<meta property=\"article:modified_time\" content=\"2026-04-10T17:14:08+00:00\" \/>\n<meta property=\"og:image\" content=\"https:\/\/arbrebalear.es\/wp-content\/uploads\/2026\/02\/1.jpg\" \/>\n\t<meta property=\"og:image:width\" content=\"1587\" \/>\n\t<meta property=\"og:image:height\" content=\"2245\" \/>\n\t<meta property=\"og:image:type\" content=\"image\/jpeg\" \/>\n<meta name=\"twitter:card\" content=\"summary_large_image\" \/>\n<meta name=\"twitter:label1\" content=\"Tiempo de lectura\" \/>\n\t<meta name=\"twitter:data1\" content=\"2 minutos\" \/>\n<script type=\"application\/ld+json\" class=\"yoast-schema-graph\">{\"@context\":\"https:\/\/schema.org\",\"@graph\":[{\"@type\":\"WebPage\",\"@id\":\"https:\/\/arbrebalear.es\/es\/cursos\/rebotiga-del-bosc-taller-dautocura-natural-amb-catalina-de-bolic-dherbes\/\",\"url\":\"https:\/\/arbrebalear.es\/es\/cursos\/rebotiga-del-bosc-taller-dautocura-natural-amb-catalina-de-bolic-dherbes\/\",\"name\":\"Rebotiga del Bosc: Taller d'Autocura Natural Amb Catalina de Bolic d'Herbes - Associaci\u00f3 Balear de l\u2019Arbre (ABA)\",\"isPartOf\":{\"@id\":\"https:\/\/arbrebalear.es\/es\/#website\"},\"primaryImageOfPage\":{\"@id\":\"https:\/\/arbrebalear.es\/es\/cursos\/rebotiga-del-bosc-taller-dautocura-natural-amb-catalina-de-bolic-dherbes\/#primaryimage\"},\"image\":{\"@id\":\"https:\/\/arbrebalear.es\/es\/cursos\/rebotiga-del-bosc-taller-dautocura-natural-amb-catalina-de-bolic-dherbes\/#primaryimage\"},\"thumbnailUrl\":\"https:\/\/arbrebalear.es\/wp-content\/uploads\/2026\/02\/1.jpg\",\"datePublished\":\"2026-02-27T09:32:33+00:00\",\"dateModified\":\"2026-04-10T17:14:08+00:00\",\"breadcrumb\":{\"@id\":\"https:\/\/arbrebalear.es\/es\/cursos\/rebotiga-del-bosc-taller-dautocura-natural-amb-catalina-de-bolic-dherbes\/#breadcrumb\"},\"inLanguage\":\"es\",\"potentialAction\":[{\"@type\":\"ReadAction\",\"target\":[\"https:\/\/arbrebalear.es\/es\/cursos\/rebotiga-del-bosc-taller-dautocura-natural-amb-catalina-de-bolic-dherbes\/\"]}]},{\"@type\":\"ImageObject\",\"inLanguage\":\"es\",\"@id\":\"https:\/\/arbrebalear.es\/es\/cursos\/rebotiga-del-bosc-taller-dautocura-natural-amb-catalina-de-bolic-dherbes\/#primaryimage\",\"url\":\"https:\/\/arbrebalear.es\/wp-content\/uploads\/2026\/02\/1.jpg\",\"contentUrl\":\"https:\/\/arbrebalear.es\/wp-content\/uploads\/2026\/02\/1.jpg\",\"width\":1587,\"height\":2245},{\"@type\":\"BreadcrumbList\",\"@id\":\"https:\/\/arbrebalear.es\/es\/cursos\/rebotiga-del-bosc-taller-dautocura-natural-amb-catalina-de-bolic-dherbes\/#breadcrumb\",\"itemListElement\":[{\"@type\":\"ListItem\",\"position\":1,\"name\":\"Portada\",\"item\":\"https:\/\/arbrebalear.es\/es\/\"},{\"@type\":\"ListItem\",\"position\":2,\"name\":\"Tienda\",\"item\":\"https:\/\/arbrebalear.es\/es\/tienda\/\"},{\"@type\":\"ListItem\",\"position\":3,\"name\":\"Rebotiga del Bosc: Taller d&#8217;Autocura Natural Amb Catalina de Bolic d&#8217;Herbes\"}]},{\"@type\":\"WebSite\",\"@id\":\"https:\/\/arbrebalear.es\/es\/#website\",\"url\":\"https:\/\/arbrebalear.es\/es\/\",\"name\":\"ABA\",\"description\":\"L\u2019Associaci\u00f3 Balear de l\u2019Arbre (ABA) \u00e9s una entitat sense \u00e0nim de lucre creada l\u2019any 2009 per un grup de professionals de l\u2019arboricultura units per una mateixa preocupaci\u00f3: la p\u00e8rdua i degradaci\u00f3 del patrimoni arbori de les Illes Balears.\",\"publisher\":{\"@id\":\"https:\/\/arbrebalear.es\/es\/#organization\"},\"potentialAction\":[{\"@type\":\"SearchAction\",\"target\":{\"@type\":\"EntryPoint\",\"urlTemplate\":\"https:\/\/arbrebalear.es\/es\/?s={search_term_string}\"},\"query-input\":{\"@type\":\"PropertyValueSpecification\",\"valueRequired\":true,\"valueName\":\"search_term_string\"}}],\"inLanguage\":\"es\"},{\"@type\":\"Organization\",\"@id\":\"https:\/\/arbrebalear.es\/es\/#organization\",\"name\":\"ABA\",\"url\":\"https:\/\/arbrebalear.es\/es\/\",\"logo\":{\"@type\":\"ImageObject\",\"inLanguage\":\"es\",\"@id\":\"https:\/\/arbrebalear.es\/es\/#\/schema\/logo\/image\/\",\"url\":\"https:\/\/arbrebalear.es\/wp-content\/uploads\/2025\/05\/cropped-aba-logo.webp\",\"contentUrl\":\"https:\/\/arbrebalear.es\/wp-content\/uploads\/2025\/05\/cropped-aba-logo.webp\",\"width\":215,\"height\":162,\"caption\":\"ABA\"},\"image\":{\"@id\":\"https:\/\/arbrebalear.es\/es\/#\/schema\/logo\/image\/\"}}]}<\/script>\n<!-- \/ Yoast SEO plugin. -->","yoast_head_json":{"title":"Rebotiga del Bosc: Taller d'Autocura Natural Amb Catalina de Bolic d'Herbes - Associaci\u00f3 Balear de l\u2019Arbre (ABA)","robots":{"index":"index","follow":"follow","max-snippet":"max-snippet:-1","max-image-preview":"max-image-preview:large","max-video-preview":"max-video-preview:-1"},"canonical":"https:\/\/arbrebalear.es\/es\/cursos\/rebotiga-del-bosc-taller-dautocura-natural-amb-catalina-de-bolic-dherbes\/","og_locale":"es_ES","og_type":"article","og_title":"Rebotiga del Bosc: Taller d'Autocura Natural Amb Catalina de Bolic d'Herbes - Associaci\u00f3 Balear de l\u2019Arbre (ABA)","og_description":"Quan: 23 de maig  On: Can T\u00e0pera  Horari; de 10:30 a 13h  QUant 5 euros socis, 30 no socis  :::::::::::::::::::::::::::::::::::::::::::::::::::::::: \ud83d\udcc5 S\u00e1bado 23 mayo \ud83d\udd58 Hora: 10:30 - 13:00 h \ud83d\udccd Lugar: Can T\u00e0pera, Palma \ud83d\udcb0 Precio: Socios 5 euros \/ No socios 30 euros &nbsp;  &nbsp;  &nbsp;","og_url":"https:\/\/arbrebalear.es\/es\/cursos\/rebotiga-del-bosc-taller-dautocura-natural-amb-catalina-de-bolic-dherbes\/","og_site_name":"Associaci\u00f3 Balear de l\u2019Arbre (ABA)","article_modified_time":"2026-04-10T17:14:08+00:00","og_image":[{"width":1587,"height":2245,"url":"https:\/\/arbrebalear.es\/wp-content\/uploads\/2026\/02\/1.jpg","type":"image\/jpeg"}],"twitter_card":"summary_large_image","twitter_misc":{"Tiempo de lectura":"2 minutos"},"schema":{"@context":"https:\/\/schema.org","@graph":[{"@type":"WebPage","@id":"https:\/\/arbrebalear.es\/es\/cursos\/rebotiga-del-bosc-taller-dautocura-natural-amb-catalina-de-bolic-dherbes\/","url":"https:\/\/arbrebalear.es\/es\/cursos\/rebotiga-del-bosc-taller-dautocura-natural-amb-catalina-de-bolic-dherbes\/","name":"Rebotiga del Bosc: Taller d'Autocura Natural Amb Catalina de Bolic d'Herbes - Associaci\u00f3 Balear de l\u2019Arbre (ABA)","isPartOf":{"@id":"https:\/\/arbrebalear.es\/es\/#website"},"primaryImageOfPage":{"@id":"https:\/\/arbrebalear.es\/es\/cursos\/rebotiga-del-bosc-taller-dautocura-natural-amb-catalina-de-bolic-dherbes\/#primaryimage"},"image":{"@id":"https:\/\/arbrebalear.es\/es\/cursos\/rebotiga-del-bosc-taller-dautocura-natural-amb-catalina-de-bolic-dherbes\/#primaryimage"},"thumbnailUrl":"https:\/\/arbrebalear.es\/wp-content\/uploads\/2026\/02\/1.jpg","datePublished":"2026-02-27T09:32:33+00:00","dateModified":"2026-04-10T17:14:08+00:00","breadcrumb":{"@id":"https:\/\/arbrebalear.es\/es\/cursos\/rebotiga-del-bosc-taller-dautocura-natural-amb-catalina-de-bolic-dherbes\/#breadcrumb"},"inLanguage":"es","potentialAction":[{"@type":"ReadAction","target":["https:\/\/arbrebalear.es\/es\/cursos\/rebotiga-del-bosc-taller-dautocura-natural-amb-catalina-de-bolic-dherbes\/"]}]},{"@type":"ImageObject","inLanguage":"es","@id":"https:\/\/arbrebalear.es\/es\/cursos\/rebotiga-del-bosc-taller-dautocura-natural-amb-catalina-de-bolic-dherbes\/#primaryimage","url":"https:\/\/arbrebalear.es\/wp-content\/uploads\/2026\/02\/1.jpg","contentUrl":"https:\/\/arbrebalear.es\/wp-content\/uploads\/2026\/02\/1.jpg","width":1587,"height":2245},{"@type":"BreadcrumbList","@id":"https:\/\/arbrebalear.es\/es\/cursos\/rebotiga-del-bosc-taller-dautocura-natural-amb-catalina-de-bolic-dherbes\/#breadcrumb","itemListElement":[{"@type":"ListItem","position":1,"name":"Portada","item":"https:\/\/arbrebalear.es\/es\/"},{"@type":"ListItem","position":2,"name":"Tienda","item":"https:\/\/arbrebalear.es\/es\/tienda\/"},{"@type":"ListItem","position":3,"name":"Rebotiga del Bosc: Taller d&#8217;Autocura Natural Amb Catalina de Bolic d&#8217;Herbes"}]},{"@type":"WebSite","@id":"https:\/\/arbrebalear.es\/es\/#website","url":"https:\/\/arbrebalear.es\/es\/","name":"ABA","description":"L\u2019Associaci\u00f3 Balear de l\u2019Arbre (ABA) \u00e9s una entitat sense \u00e0nim de lucre creada l\u2019any 2009 per un grup de professionals de l\u2019arboricultura units per una mateixa preocupaci\u00f3: la p\u00e8rdua i degradaci\u00f3 del patrimoni arbori de les Illes Balears.","publisher":{"@id":"https:\/\/arbrebalear.es\/es\/#organization"},"potentialAction":[{"@type":"SearchAction","target":{"@type":"EntryPoint","urlTemplate":"https:\/\/arbrebalear.es\/es\/?s={search_term_string}"},"query-input":{"@type":"PropertyValueSpecification","valueRequired":true,"valueName":"search_term_string"}}],"inLanguage":"es"},{"@type":"Organization","@id":"https:\/\/arbrebalear.es\/es\/#organization","name":"ABA","url":"https:\/\/arbrebalear.es\/es\/","logo":{"@type":"ImageObject","inLanguage":"es","@id":"https:\/\/arbrebalear.es\/es\/#\/schema\/logo\/image\/","url":"https:\/\/arbrebalear.es\/wp-content\/uploads\/2025\/05\/cropped-aba-logo.webp","contentUrl":"https:\/\/arbrebalear.es\/wp-content\/uploads\/2025\/05\/cropped-aba-logo.webp","width":215,"height":162,"caption":"ABA"},"image":{"@id":"https:\/\/arbrebalear.es\/es\/#\/schema\/logo\/image\/"}}]}},"_links":{"self":[{"href":"https:\/\/arbrebalear.es\/es\/wp-json\/wp\/v2\/product\/4024","targetHints":{"allow":["GET"]}}],"collection":[{"href":"https:\/\/arbrebalear.es\/es\/wp-json\/wp\/v2\/product"}],"about":[{"href":"https:\/\/arbrebalear.es\/es\/wp-json\/wp\/v2\/types\/product"}],"wp:featuredmedia":[{"embeddable":true,"href":"https:\/\/arbrebalear.es\/es\/wp-json\/wp\/v2\/media\/4027"}],"wp:attachment":[{"href":"https:\/\/arbrebalear.es\/es\/wp-json\/wp\/v2\/media?parent=4024"}],"wp:term":[{"taxonomy":"product_brand","embeddable":true,"href":"https:\/\/arbrebalear.es\/es\/wp-json\/wp\/v2\/product_brand?post=4024"},{"taxonomy":"product_cat","embeddable":true,"href":"https:\/\/arbrebalear.es\/es\/wp-json\/wp\/v2\/product_cat?post=4024"},{"taxonomy":"product_tag","embeddable":true,"href":"https:\/\/arbrebalear.es\/es\/wp-json\/wp\/v2\/product_tag?post=4024"}],"curies":[{"name":"wp","href":"https:\/\/api.w.org\/{rel}","templated":true}]}}