{"id":4041,"date":"2026-04-08T10:42:17","date_gmt":"2026-04-08T08:42:17","guid":{"rendered":"https:\/\/arbrebalear.es\/?post_type=product&#038;p=4041"},"modified":"2026-04-08T10:46:46","modified_gmt":"2026-04-08T08:46:46","slug":"4041","status":"publish","type":"product","link":"https:\/\/arbrebalear.es\/es\/cursos\/4041\/","title":{"rendered":""},"content":{"rendered":"<div><b><u>M\u00e9s info:\u00a0<\/u><\/b><\/div>\n<div><a href=\"https:\/\/www.coaib.org\/ca\/escola\/cursos-coaib\/proximos\/InscripcionCurso.aspx?id=1094\" target=\"_blank\" rel=\"noopener\" data-saferedirecturl=\"https:\/\/www.google.com\/url?q=https:\/\/www.coaib.org\/ca\/escola\/cursos-coaib\/proximos\/InscripcionCurso.aspx?id%3D1094&amp;source=gmail&amp;ust=1775724059595000&amp;usg=AOvVaw139ORXxu2WyBOmPwScirfD\">https:\/\/www<\/a><a href=\"https:\/\/www.coaib.org\/ca\/escola\/cursos-coaib\/proximos\/InscripcionCurso.aspx?id=1094\" target=\"_blank\" rel=\"noopener\" data-saferedirecturl=\"https:\/\/www.google.com\/url?q=https:\/\/www.coaib.org\/ca\/escola\/cursos-coaib\/proximos\/InscripcionCurso.aspx?id%3D1094&amp;source=gmail&amp;ust=1775724059595000&amp;usg=AOvVaw139ORXxu2WyBOmPwScirfD\">.coaib.org\/ca\/<wbr \/>escola\/cursos-coaib\/proximos\/<wbr \/>InscripcionCurso.aspx?id=1094<\/a><\/div>\n<div>\n<div class=\"gmail_signature\" dir=\"ltr\">\n<div dir=\"ltr\">\n<div>\n<div dir=\"ltr\">\n<div>\n<div dir=\"ltr\">\n<div>\n<table border=\"0\" width=\"600\" cellspacing=\"0\" cellpadding=\"0\">\n<tbody>\n<tr>\n<td><b><u>Inscripcions:\u00a0<\/u><\/b>\u00a0Socis d&#8217;ABA:\u00a0Indiqueu-ho a observacions<br \/>\n<a href=\"https:\/\/www.coaib.org\/ca\/escola\/cursos-coaib\/proximos\/InscripcionCurso.aspx?id=1094\" target=\"_blank\" rel=\"noopener\" data-saferedirecturl=\"https:\/\/www.google.com\/url?q=https:\/\/www.coaib.org\/ca\/escola\/cursos-coaib\/proximos\/InscripcionCurso.aspx?id%3D1094&amp;source=gmail&amp;ust=1775724059595000&amp;usg=AOvVaw139ORXxu2WyBOmPwScirfD\">https:\/\/www.coaib.org\/ca\/<wbr \/>escola\/cursos-coaib\/proximos\/<wbr \/>InscripcionCurso.aspx?id=1094<\/a><br \/>\n<b><u>Cartells adjunts per compartir<\/u><\/b><\/td>\n<\/tr>\n<\/tbody>\n<\/table>\n<\/div>\n<\/div>\n<\/div>\n<\/div>\n<\/div>\n<\/div>\n<\/div>\n<\/div>\n","protected":false},"excerpt":{"rendered":"<div>\n<p><b>Les entrades a la web de COAIB <u>Inscripcions:\u00a0<\/u>\u00a0Socis d&#8217;ABA:\u00a0Indiqueu-ho a observacions<br \/>\n<a href=\"https:\/\/www.coaib.org\/ca\/escola\/cursos-coaib\/proximos\/InscripcionCurso.aspx?id=1094\" target=\"_blank\" rel=\"noopener\" data-saferedirecturl=\"https:\/\/www.google.com\/url?q=https:\/\/www.coaib.org\/ca\/escola\/cursos-coaib\/proximos\/InscripcionCurso.aspx?id%3D1094&amp;source=gmail&amp;ust=1775724059595000&amp;usg=AOvVaw139ORXxu2WyBOmPwScirfD\">https:\/\/www.coaib.org\/ca\/<wbr \/>escola\/cursos-coaib\/proximos\/<wbr \/>InscripcionCurso.aspx?id=1094<\/a><\/b><\/p>\n<p><b>&#8212;&#8212;&#8212;&#8212;&#8212;&#8212;&#8212;&#8212;&#8212;&#8212;<wbr \/>&#8212;&#8212;&#8212;&#8212;&#8212;&#8212;&#8212;&#8212;&#8212;&#8212;<wbr \/>&#8212;&#8212;&#8212;&#8212;&#8212;&#8212;&#8212;&#8212;&#8212;&#8212;<wbr \/>&#8212;&#8212;&#8212;&#8212;&#8212;&#8212;&#8212;&#8212;&#8212;&#8212;<wbr \/>&#8212;&#8212;&#8212;-<\/b><\/p>\n<p><b>Benvolguts socis i s\u00f2cies,<\/b><\/p>\n<p>Ens plau anunciar-vos la celebraci\u00f3 del curs\u00a0<b>\u00abL\u2019arbre i el s\u00f2l urb\u00e0: Criteris pr\u00e0ctics per a una bona planificaci\u00f3\u00bb<\/b>, organitzat conjuntament per l&#8217;Escola COAIB i l&#8217;<b>ABA (Associaci\u00f3 Balear de l&#8217;Arbre)<\/b>, amb el patrocini d&#8217;Asemas.<\/p>\n<p>Molts dels problemes en la gesti\u00f3 de l&#8217;espai urb\u00e0 neixen de decisions fragmentades. Aquesta formaci\u00f3 neix amb l&#8217;objectiu de crear un di\u00e0leg entre disciplines per oferir solucions sostenibles, abordant des del coneixement biol\u00f2gic de l&#8217;arbre fins a les solucions constructives m\u00e9s avan\u00e7ades.<\/p>\n<h3>Dades clau del curs<\/h3>\n<ul>\n<li><b>Dates:<\/b>\u00a0Del 7 al 22 de maig de 2026.<\/li>\n<li><b>Durada:<\/b>\u00a024 hores lectives.<\/li>\n<li><b>Format:<\/b>\u00a0Mixt (3 sessions virtuals en directe\/gravades i 2 sessions de taller presencial).<\/li>\n<li><b>Lloc (presencial):<\/b>\u00a0Seu del COAIB (Carrer de la Portella, 14, Palma).<\/li>\n<\/ul>\n<hr \/>\n<h3>Programa i Ponents<\/h3>\n<p><b><u>(Programa complet adjunt)<\/u><\/b>\u00a0El curs comptar\u00e0 amb dos experts de reconegut prestigi en l&#8217;\u00e0mbit del paisatgisme i l&#8217;arboricultura:<\/p>\n<p><b>1. Blocs Te\u00f2rics (Virtuals) \u2013 Ponent: Josep Selga (Bi\u00f2leg i consultor)<\/b><\/p>\n<ul>\n<li><b>7 de maig (15:30 &#8211; 20:00h):<\/b>\u00a0L\u2019arbre urb\u00e0, cultura i habitabilitat.<\/li>\n<li><b>12 de maig (15:30 &#8211; 20:00h):<\/b>\u00a0Les arrels i el s\u00f2l urb\u00e0: reptes, paviments i serveis.<\/li>\n<li><b>14 de maig (15:30 &#8211; 20:00h):<\/b>\u00a0T\u00e8cniques de plantaci\u00f3, drenatge i reg.<\/li>\n<\/ul>\n<p><b>2. Blocs Pr\u00e0ctics (Presencials) \u2013 Ponent: Albert Bestard (Enginyer T\u00e8cnic Agr\u00edcola)<\/b><\/p>\n<ul>\n<li><b>21 de maig (9:30 &#8211; 17:30h):<\/b>\u00a0Plantaci\u00f3 en zones pavimentades i exercici de tria d&#8217;esp\u00e8cies.<\/li>\n<li><b>22 de maig (9:30 &#8211; 17:30h):<\/b>\u00a0Alternatives constructives, volums de s\u00f2l i integraci\u00f3 amb el cicle de l&#8217;aigua (SUDS).<\/li>\n<\/ul>\n<hr \/>\n<h3>A qui va dirigit?<\/h3>\n<p>Especialment dissenyat per a professionals t\u00e8cnics de l&#8217;espai urb\u00e0: arquitectes, enginyers, paisatgistes i arboricultors que busquen una visi\u00f3 pr\u00e0ctica i integrada.<\/p>\n<p><b>Vols inscriure&#8217;t o necessites m\u00e9s informaci\u00f3?<\/b>\u00a0Pots consultar tots els detalls al web-<\/p>\n<p>Esperam que aquesta iniciativa sigui del vostre inter\u00e8s i ens ajudi a seguir millorant la qualitat de l\u2019arbrat de les nostres illes.<\/p>\n<div><b><u>M\u00e9s info:\u00a0<\/u><\/b><\/div>\n<div><a href=\"https:\/\/www.coaib.org\/ca\/escola\/cursos-coaib\/proximos\/InscripcionCurso.aspx?id=1094\" target=\"_blank\" rel=\"noopener\" data-saferedirecturl=\"https:\/\/www.google.com\/url?q=https:\/\/www.coaib.org\/ca\/escola\/cursos-coaib\/proximos\/InscripcionCurso.aspx?id%3D1094&amp;source=gmail&amp;ust=1775724059595000&amp;usg=AOvVaw139ORXxu2WyBOmPwScirfD\">https:\/\/www<\/a><a href=\"https:\/\/www.coaib.org\/ca\/escola\/cursos-coaib\/proximos\/InscripcionCurso.aspx?id=1094\" target=\"_blank\" rel=\"noopener\" data-saferedirecturl=\"https:\/\/www.google.com\/url?q=https:\/\/www.coaib.org\/ca\/escola\/cursos-coaib\/proximos\/InscripcionCurso.aspx?id%3D1094&amp;source=gmail&amp;ust=1775724059595000&amp;usg=AOvVaw139ORXxu2WyBOmPwScirfD\">.coaib.org\/ca\/<wbr \/>escola\/cursos-coaib\/proximos\/<wbr \/>InscripcionCurso.aspx?id=1094<\/a><\/div>\n<div>\n<div class=\"gmail_signature\" dir=\"ltr\">\n<div dir=\"ltr\">\n<div>\n<div dir=\"ltr\">\n<div>\n<div dir=\"ltr\">\n<div><\/div>\n<\/div>\n<\/div>\n<\/div>\n<\/div>\n<\/div>\n<\/div>\n<\/div>\n<\/div>\n","protected":false},"featured_media":4044,"template":"","meta":[],"product_brand":[],"product_cat":[32],"product_tag":[],"class_list":{"0":"post-4041","1":"product","2":"type-product","3":"status-publish","4":"has-post-thumbnail","6":"product_cat-formacions-tecniques-per-a-especialistes","8":"first","9":"instock","10":"shipping-taxable","11":"purchasable","12":"product-type-variable"},"yoast_head":"<!-- This site is optimized with the Yoast SEO plugin v27.0 - https:\/\/yoast.com\/product\/yoast-seo-wordpress\/ -->\n<title>- Associaci\u00f3 Balear de l\u2019Arbre (ABA)<\/title>\n<meta name=\"robots\" content=\"index, follow, max-snippet:-1, max-image-preview:large, max-video-preview:-1\" \/>\n<link rel=\"canonical\" href=\"https:\/\/arbrebalear.es\/es\/cursos\/4041\/\" \/>\n<meta property=\"og:locale\" content=\"es_ES\" \/>\n<meta property=\"og:type\" content=\"article\" \/>\n<meta property=\"og:title\" content=\"- Associaci\u00f3 Balear de l\u2019Arbre (ABA)\" \/>\n<meta property=\"og:description\" content=\"Les entrades a la web de COAIB Inscripcions:\u00a0\u00a0Socis d&#039;ABA:\u00a0Indiqueu-ho a observacions https:\/\/www.coaib.org\/ca\/escola\/cursos-coaib\/proximos\/InscripcionCurso.aspx?id=1094  ----------------------------------------------------------------------------------------------------------------------------------  Benvolguts socis i s\u00f2cies,  Ens plau anunciar-vos la celebraci\u00f3 del curs\u00a0&quot;L\u2019arbre i el s\u00f2l urb\u00e0: Criteris pr\u00e0ctics per a una bona planificaci\u00f3&quot;, organitzat conjuntament per l&#039;Escola COAIB i l&#039;ABA (Associaci\u00f3 Balear de l&#039;Arbre), amb el patrocini d&#039;Asemas.  Molts dels problemes en la gesti\u00f3 de l&#039;espai urb\u00e0 neixen de decisions fragmentades. Aquesta formaci\u00f3 neix amb l&#039;objectiu de crear un di\u00e0leg entre disciplines per oferir solucions sostenibles, abordant des del coneixement biol\u00f2gic de l&#039;arbre fins a les solucions constructives m\u00e9s avan\u00e7ades. Dades clau del curs   Dates:\u00a0Del 7 al 22 de maig de 2026.  Durada:\u00a024 hores lectives.  Format:\u00a0Mixt (3 sessions virtuals en directe\/gravades i 2 sessions de taller presencial).  Lloc (presencial):\u00a0Seu del COAIB (Carrer de la Portella, 14, Palma).     Programa i Ponents (Programa complet adjunt)\u00a0El curs comptar\u00e0 amb dos experts de reconegut prestigi en l&#039;\u00e0mbit del paisatgisme i l&#039;arboricultura:  1. Blocs Te\u00f2rics (Virtuals) \u2013 Ponent: Josep Selga (Bi\u00f2leg i consultor)   7 de maig (15:30 - 20:00h):\u00a0L\u2019arbre urb\u00e0, cultura i habitabilitat.  12 de maig (15:30 - 20:00h):\u00a0Les arrels i el s\u00f2l urb\u00e0: reptes, paviments i serveis.  14 de maig (15:30 - 20:00h):\u00a0T\u00e8cniques de plantaci\u00f3, drenatge i reg.  2. Blocs Pr\u00e0ctics (Presencials) \u2013 Ponent: Albert Bestard (Enginyer T\u00e8cnic Agr\u00edcola)   21 de maig (9:30 - 17:30h):\u00a0Plantaci\u00f3 en zones pavimentades i exercici de tria d&#039;esp\u00e8cies.  22 de maig (9:30 - 17:30h):\u00a0Alternatives constructives, volums de s\u00f2l i integraci\u00f3 amb el cicle de l&#039;aigua (SUDS).     A qui va dirigit? Especialment dissenyat per a professionals t\u00e8cnics de l&#039;espai urb\u00e0: arquitectes, enginyers, paisatgistes i arboricultors que busquen una visi\u00f3 pr\u00e0ctica i integrada.  Vols inscriure&#039;t o necessites m\u00e9s informaci\u00f3?\u00a0Pots consultar tots els detalls al web-  Esperam que aquesta iniciativa sigui del vostre inter\u00e8s i ens ajudi a seguir millorant la qualitat de l\u2019arbrat de les nostres illes. M\u00e9s info:\u00a0 https:\/\/www.coaib.org\/ca\/escola\/cursos-coaib\/proximos\/InscripcionCurso.aspx?id=1094\" \/>\n<meta property=\"og:url\" content=\"https:\/\/arbrebalear.es\/es\/cursos\/4041\/\" \/>\n<meta property=\"og:site_name\" content=\"Associaci\u00f3 Balear de l\u2019Arbre (ABA)\" \/>\n<meta property=\"article:modified_time\" content=\"2026-04-08T08:46:46+00:00\" \/>\n<meta property=\"og:image\" content=\"https:\/\/arbrebalear.es\/wp-content\/uploads\/2026\/04\/2026_1094_Arbre_i_sol_urba_Cartell_CAT-scaled.jpg\" \/>\n\t<meta property=\"og:image:width\" content=\"1810\" \/>\n\t<meta property=\"og:image:height\" content=\"2560\" \/>\n\t<meta property=\"og:image:type\" content=\"image\/jpeg\" \/>\n<meta name=\"twitter:card\" content=\"summary_large_image\" \/>\n<meta name=\"twitter:label1\" content=\"Tiempo de lectura\" \/>\n\t<meta name=\"twitter:data1\" content=\"1 minuto\" \/>\n<script type=\"application\/ld+json\" class=\"yoast-schema-graph\">{\"@context\":\"https:\/\/schema.org\",\"@graph\":[{\"@type\":\"WebPage\",\"@id\":\"https:\/\/arbrebalear.es\/es\/cursos\/4041\/\",\"url\":\"https:\/\/arbrebalear.es\/es\/cursos\/4041\/\",\"name\":\"- Associaci\u00f3 Balear de l\u2019Arbre (ABA)\",\"isPartOf\":{\"@id\":\"https:\/\/arbrebalear.es\/es\/#website\"},\"primaryImageOfPage\":{\"@id\":\"https:\/\/arbrebalear.es\/es\/cursos\/4041\/#primaryimage\"},\"image\":{\"@id\":\"https:\/\/arbrebalear.es\/es\/cursos\/4041\/#primaryimage\"},\"thumbnailUrl\":\"https:\/\/arbrebalear.es\/wp-content\/uploads\/2026\/04\/2026_1094_Arbre_i_sol_urba_Cartell_CAT-scaled.jpg\",\"datePublished\":\"2026-04-08T08:42:17+00:00\",\"dateModified\":\"2026-04-08T08:46:46+00:00\",\"breadcrumb\":{\"@id\":\"https:\/\/arbrebalear.es\/es\/cursos\/4041\/#breadcrumb\"},\"inLanguage\":\"es\",\"potentialAction\":[{\"@type\":\"ReadAction\",\"target\":[\"https:\/\/arbrebalear.es\/es\/cursos\/4041\/\"]}]},{\"@type\":\"ImageObject\",\"inLanguage\":\"es\",\"@id\":\"https:\/\/arbrebalear.es\/es\/cursos\/4041\/#primaryimage\",\"url\":\"https:\/\/arbrebalear.es\/wp-content\/uploads\/2026\/04\/2026_1094_Arbre_i_sol_urba_Cartell_CAT-scaled.jpg\",\"contentUrl\":\"https:\/\/arbrebalear.es\/wp-content\/uploads\/2026\/04\/2026_1094_Arbre_i_sol_urba_Cartell_CAT-scaled.jpg\",\"width\":1810,\"height\":2560},{\"@type\":\"BreadcrumbList\",\"@id\":\"https:\/\/arbrebalear.es\/es\/cursos\/4041\/#breadcrumb\",\"itemListElement\":[{\"@type\":\"ListItem\",\"position\":1,\"name\":\"Portada\",\"item\":\"https:\/\/arbrebalear.es\/es\/\"},{\"@type\":\"ListItem\",\"position\":2,\"name\":\"Tienda\",\"item\":\"https:\/\/arbrebalear.es\/es\/tienda\/\"}]},{\"@type\":\"WebSite\",\"@id\":\"https:\/\/arbrebalear.es\/es\/#website\",\"url\":\"https:\/\/arbrebalear.es\/es\/\",\"name\":\"ABA\",\"description\":\"L\u2019Associaci\u00f3 Balear de l\u2019Arbre (ABA) \u00e9s una entitat sense \u00e0nim de lucre creada l\u2019any 2009 per un grup de professionals de l\u2019arboricultura units per una mateixa preocupaci\u00f3: la p\u00e8rdua i degradaci\u00f3 del patrimoni arbori de les Illes Balears.\",\"publisher\":{\"@id\":\"https:\/\/arbrebalear.es\/es\/#organization\"},\"potentialAction\":[{\"@type\":\"SearchAction\",\"target\":{\"@type\":\"EntryPoint\",\"urlTemplate\":\"https:\/\/arbrebalear.es\/es\/?s={search_term_string}\"},\"query-input\":{\"@type\":\"PropertyValueSpecification\",\"valueRequired\":true,\"valueName\":\"search_term_string\"}}],\"inLanguage\":\"es\"},{\"@type\":\"Organization\",\"@id\":\"https:\/\/arbrebalear.es\/es\/#organization\",\"name\":\"ABA\",\"url\":\"https:\/\/arbrebalear.es\/es\/\",\"logo\":{\"@type\":\"ImageObject\",\"inLanguage\":\"es\",\"@id\":\"https:\/\/arbrebalear.es\/es\/#\/schema\/logo\/image\/\",\"url\":\"https:\/\/arbrebalear.es\/wp-content\/uploads\/2025\/05\/cropped-aba-logo.webp\",\"contentUrl\":\"https:\/\/arbrebalear.es\/wp-content\/uploads\/2025\/05\/cropped-aba-logo.webp\",\"width\":215,\"height\":162,\"caption\":\"ABA\"},\"image\":{\"@id\":\"https:\/\/arbrebalear.es\/es\/#\/schema\/logo\/image\/\"}}]}<\/script>\n<!-- \/ Yoast SEO plugin. -->","yoast_head_json":{"title":"- Associaci\u00f3 Balear de l\u2019Arbre (ABA)","robots":{"index":"index","follow":"follow","max-snippet":"max-snippet:-1","max-image-preview":"max-image-preview:large","max-video-preview":"max-video-preview:-1"},"canonical":"https:\/\/arbrebalear.es\/es\/cursos\/4041\/","og_locale":"es_ES","og_type":"article","og_title":"- Associaci\u00f3 Balear de l\u2019Arbre (ABA)","og_description":"Les entrades a la web de COAIB Inscripcions:\u00a0\u00a0Socis d'ABA:\u00a0Indiqueu-ho a observacions https:\/\/www.coaib.org\/ca\/escola\/cursos-coaib\/proximos\/InscripcionCurso.aspx?id=1094  ----------------------------------------------------------------------------------------------------------------------------------  Benvolguts socis i s\u00f2cies,  Ens plau anunciar-vos la celebraci\u00f3 del curs\u00a0\"L\u2019arbre i el s\u00f2l urb\u00e0: Criteris pr\u00e0ctics per a una bona planificaci\u00f3\", organitzat conjuntament per l'Escola COAIB i l'ABA (Associaci\u00f3 Balear de l'Arbre), amb el patrocini d'Asemas.  Molts dels problemes en la gesti\u00f3 de l'espai urb\u00e0 neixen de decisions fragmentades. Aquesta formaci\u00f3 neix amb l'objectiu de crear un di\u00e0leg entre disciplines per oferir solucions sostenibles, abordant des del coneixement biol\u00f2gic de l'arbre fins a les solucions constructives m\u00e9s avan\u00e7ades. Dades clau del curs   Dates:\u00a0Del 7 al 22 de maig de 2026.  Durada:\u00a024 hores lectives.  Format:\u00a0Mixt (3 sessions virtuals en directe\/gravades i 2 sessions de taller presencial).  Lloc (presencial):\u00a0Seu del COAIB (Carrer de la Portella, 14, Palma).     Programa i Ponents (Programa complet adjunt)\u00a0El curs comptar\u00e0 amb dos experts de reconegut prestigi en l'\u00e0mbit del paisatgisme i l'arboricultura:  1. Blocs Te\u00f2rics (Virtuals) \u2013 Ponent: Josep Selga (Bi\u00f2leg i consultor)   7 de maig (15:30 - 20:00h):\u00a0L\u2019arbre urb\u00e0, cultura i habitabilitat.  12 de maig (15:30 - 20:00h):\u00a0Les arrels i el s\u00f2l urb\u00e0: reptes, paviments i serveis.  14 de maig (15:30 - 20:00h):\u00a0T\u00e8cniques de plantaci\u00f3, drenatge i reg.  2. Blocs Pr\u00e0ctics (Presencials) \u2013 Ponent: Albert Bestard (Enginyer T\u00e8cnic Agr\u00edcola)   21 de maig (9:30 - 17:30h):\u00a0Plantaci\u00f3 en zones pavimentades i exercici de tria d'esp\u00e8cies.  22 de maig (9:30 - 17:30h):\u00a0Alternatives constructives, volums de s\u00f2l i integraci\u00f3 amb el cicle de l'aigua (SUDS).     A qui va dirigit? Especialment dissenyat per a professionals t\u00e8cnics de l'espai urb\u00e0: arquitectes, enginyers, paisatgistes i arboricultors que busquen una visi\u00f3 pr\u00e0ctica i integrada.  Vols inscriure't o necessites m\u00e9s informaci\u00f3?\u00a0Pots consultar tots els detalls al web-  Esperam que aquesta iniciativa sigui del vostre inter\u00e8s i ens ajudi a seguir millorant la qualitat de l\u2019arbrat de les nostres illes. M\u00e9s info:\u00a0 https:\/\/www.coaib.org\/ca\/escola\/cursos-coaib\/proximos\/InscripcionCurso.aspx?id=1094","og_url":"https:\/\/arbrebalear.es\/es\/cursos\/4041\/","og_site_name":"Associaci\u00f3 Balear de l\u2019Arbre (ABA)","article_modified_time":"2026-04-08T08:46:46+00:00","og_image":[{"width":1810,"height":2560,"url":"https:\/\/arbrebalear.es\/wp-content\/uploads\/2026\/04\/2026_1094_Arbre_i_sol_urba_Cartell_CAT-scaled.jpg","type":"image\/jpeg"}],"twitter_card":"summary_large_image","twitter_misc":{"Tiempo de lectura":"1 minuto"},"schema":{"@context":"https:\/\/schema.org","@graph":[{"@type":"WebPage","@id":"https:\/\/arbrebalear.es\/es\/cursos\/4041\/","url":"https:\/\/arbrebalear.es\/es\/cursos\/4041\/","name":"- Associaci\u00f3 Balear de l\u2019Arbre (ABA)","isPartOf":{"@id":"https:\/\/arbrebalear.es\/es\/#website"},"primaryImageOfPage":{"@id":"https:\/\/arbrebalear.es\/es\/cursos\/4041\/#primaryimage"},"image":{"@id":"https:\/\/arbrebalear.es\/es\/cursos\/4041\/#primaryimage"},"thumbnailUrl":"https:\/\/arbrebalear.es\/wp-content\/uploads\/2026\/04\/2026_1094_Arbre_i_sol_urba_Cartell_CAT-scaled.jpg","datePublished":"2026-04-08T08:42:17+00:00","dateModified":"2026-04-08T08:46:46+00:00","breadcrumb":{"@id":"https:\/\/arbrebalear.es\/es\/cursos\/4041\/#breadcrumb"},"inLanguage":"es","potentialAction":[{"@type":"ReadAction","target":["https:\/\/arbrebalear.es\/es\/cursos\/4041\/"]}]},{"@type":"ImageObject","inLanguage":"es","@id":"https:\/\/arbrebalear.es\/es\/cursos\/4041\/#primaryimage","url":"https:\/\/arbrebalear.es\/wp-content\/uploads\/2026\/04\/2026_1094_Arbre_i_sol_urba_Cartell_CAT-scaled.jpg","contentUrl":"https:\/\/arbrebalear.es\/wp-content\/uploads\/2026\/04\/2026_1094_Arbre_i_sol_urba_Cartell_CAT-scaled.jpg","width":1810,"height":2560},{"@type":"BreadcrumbList","@id":"https:\/\/arbrebalear.es\/es\/cursos\/4041\/#breadcrumb","itemListElement":[{"@type":"ListItem","position":1,"name":"Portada","item":"https:\/\/arbrebalear.es\/es\/"},{"@type":"ListItem","position":2,"name":"Tienda","item":"https:\/\/arbrebalear.es\/es\/tienda\/"}]},{"@type":"WebSite","@id":"https:\/\/arbrebalear.es\/es\/#website","url":"https:\/\/arbrebalear.es\/es\/","name":"ABA","description":"L\u2019Associaci\u00f3 Balear de l\u2019Arbre (ABA) \u00e9s una entitat sense \u00e0nim de lucre creada l\u2019any 2009 per un grup de professionals de l\u2019arboricultura units per una mateixa preocupaci\u00f3: la p\u00e8rdua i degradaci\u00f3 del patrimoni arbori de les Illes Balears.","publisher":{"@id":"https:\/\/arbrebalear.es\/es\/#organization"},"potentialAction":[{"@type":"SearchAction","target":{"@type":"EntryPoint","urlTemplate":"https:\/\/arbrebalear.es\/es\/?s={search_term_string}"},"query-input":{"@type":"PropertyValueSpecification","valueRequired":true,"valueName":"search_term_string"}}],"inLanguage":"es"},{"@type":"Organization","@id":"https:\/\/arbrebalear.es\/es\/#organization","name":"ABA","url":"https:\/\/arbrebalear.es\/es\/","logo":{"@type":"ImageObject","inLanguage":"es","@id":"https:\/\/arbrebalear.es\/es\/#\/schema\/logo\/image\/","url":"https:\/\/arbrebalear.es\/wp-content\/uploads\/2025\/05\/cropped-aba-logo.webp","contentUrl":"https:\/\/arbrebalear.es\/wp-content\/uploads\/2025\/05\/cropped-aba-logo.webp","width":215,"height":162,"caption":"ABA"},"image":{"@id":"https:\/\/arbrebalear.es\/es\/#\/schema\/logo\/image\/"}}]}},"_links":{"self":[{"href":"https:\/\/arbrebalear.es\/es\/wp-json\/wp\/v2\/product\/4041","targetHints":{"allow":["GET"]}}],"collection":[{"href":"https:\/\/arbrebalear.es\/es\/wp-json\/wp\/v2\/product"}],"about":[{"href":"https:\/\/arbrebalear.es\/es\/wp-json\/wp\/v2\/types\/product"}],"wp:featuredmedia":[{"embeddable":true,"href":"https:\/\/arbrebalear.es\/es\/wp-json\/wp\/v2\/media\/4044"}],"wp:attachment":[{"href":"https:\/\/arbrebalear.es\/es\/wp-json\/wp\/v2\/media?parent=4041"}],"wp:term":[{"taxonomy":"product_brand","embeddable":true,"href":"https:\/\/arbrebalear.es\/es\/wp-json\/wp\/v2\/product_brand?post=4041"},{"taxonomy":"product_cat","embeddable":true,"href":"https:\/\/arbrebalear.es\/es\/wp-json\/wp\/v2\/product_cat?post=4041"},{"taxonomy":"product_tag","embeddable":true,"href":"https:\/\/arbrebalear.es\/es\/wp-json\/wp\/v2\/product_tag?post=4041"}],"curies":[{"name":"wp","href":"https:\/\/api.w.org\/{rel}","templated":true}]}}